{"id":77,"date":"2025-04-21T17:03:25","date_gmt":"2025-04-21T17:03:25","guid":{"rendered":"https:\/\/www.actisuniversidadesintra.pt\/web\/quem-somos-2\/"},"modified":"2025-08-25T16:36:08","modified_gmt":"2025-08-25T16:36:08","slug":"actis-quem-somos","status":"publish","type":"page","link":"https:\/\/www.actisuniversidadesintra.pt\/web\/actis-quem-somos\/","title":{"rendered":"Actis &#8211; Quem Somos"},"content":{"rendered":"\t\t<div data-elementor-type=\"wp-post\" data-elementor-id=\"77\" class=\"elementor elementor-77\" data-elementor-post-type=\"page\">\n\t\t\t\t<div class=\"elementor-element elementor-element-6867095 e-con-full e-flex e-con e-parent\" data-id=\"6867095\" data-element_type=\"container\" data-settings=\"{&quot;background_background&quot;:&quot;classic&quot;}\">\n\t\t\t\t<div class=\"elementor-element elementor-element-885070c elementor-widget elementor-widget-heading\" data-id=\"885070c\" data-element_type=\"widget\" data-widget_type=\"heading.default\">\n\t\t\t\t<div class=\"elementor-widget-container\">\n\t\t\t\t\t<h2 class=\"elementor-heading-title elementor-size-default\">INSCRI\u00c7\u00d5ES 2025\/2026<\/h2>\t\t\t\t<\/div>\n\t\t\t\t<\/div>\n\t\t\t\t<div class=\"elementor-element elementor-element-83fb96d elementor-widget elementor-widget-heading\" data-id=\"83fb96d\" data-element_type=\"widget\" data-widget_type=\"heading.default\">\n\t\t\t\t<div class=\"elementor-widget-container\">\n\t\t\t\t\t<p class=\"elementor-heading-title elementor-size-default\"><a href=\"#inscricoes\">de 8 a 15 setembro<\/a><\/p>\t\t\t\t<\/div>\n\t\t\t\t<\/div>\n\t\t\t\t<\/div>\n\t\t<div class=\"elementor-element elementor-element-12849d8 e-flex e-con-boxed e-con e-parent\" data-id=\"12849d8\" data-element_type=\"container\" data-settings=\"{&quot;background_background&quot;:&quot;classic&quot;}\">\n\t\t\t\t\t<div class=\"e-con-inner\">\n\t\t<div class=\"elementor-element elementor-element-db677ef e-con-full e-flex e-con e-child\" data-id=\"db677ef\" data-element_type=\"container\">\n\t\t\t\t<div class=\"elementor-element elementor-element-0b47562 elementor-widget elementor-widget-heading\" data-id=\"0b47562\" data-element_type=\"widget\" data-widget_type=\"heading.default\">\n\t\t\t\t<div class=\"elementor-widget-container\">\n\t\t\t\t\t<h2 class=\"elementor-heading-title elementor-size-default\">Quem somos<\/h2>\t\t\t\t<\/div>\n\t\t\t\t<\/div>\n\t\t\t\t<\/div>\n\t\t\t\t\t<\/div>\n\t\t\t\t<\/div>\n\t\t<div class=\"elementor-element elementor-element-fc7b569 e-flex e-con-boxed e-con e-parent\" data-id=\"fc7b569\" data-element_type=\"container\">\n\t\t\t\t\t<div class=\"e-con-inner\">\n\t\t<div class=\"elementor-element elementor-element-9b56deb e-con-full e-flex e-con e-child\" data-id=\"9b56deb\" data-element_type=\"container\">\n\t\t\t\t<div class=\"elementor-element elementor-element-127665f elementor-widget elementor-widget-heading\" data-id=\"127665f\" data-element_type=\"widget\" data-widget_type=\"heading.default\">\n\t\t\t\t<div class=\"elementor-widget-container\">\n\t\t\t\t\t<h2 class=\"elementor-heading-title elementor-size-default\">ACTIS<\/h2>\t\t\t\t<\/div>\n\t\t\t\t<\/div>\n\t\t\t\t<div class=\"elementor-element elementor-element-186c5b5 elementor-widget elementor-widget-heading\" data-id=\"186c5b5\" data-element_type=\"widget\" data-widget_type=\"heading.default\">\n\t\t\t\t<div class=\"elementor-widget-container\">\n\t\t\t\t\t<h2 class=\"elementor-heading-title elementor-size-default\">VALORIZAMOS O CONV\u00cdVIO E A TROCA DE SABERES E EXPERI\u00caNCIAS PARA O BEM-ESTAR AO LONGO DA VIDA<\/h2>\t\t\t\t<\/div>\n\t\t\t\t<\/div>\n\t\t\t\t<\/div>\n\t\t<div class=\"elementor-element elementor-element-fe556bd e-con-full e-flex e-con e-child\" data-id=\"fe556bd\" data-element_type=\"container\">\n\t\t\t\t<div class=\"elementor-element elementor-element-0a2f86a elementor-widget elementor-widget-text-editor\" data-id=\"0a2f86a\" data-element_type=\"widget\" data-widget_type=\"text-editor.default\">\n\t\t\t\t<div class=\"elementor-widget-container\">\n\t\t\t\t\t\t\t\t\t<p><strong>A ACTIS \u2013 Associa\u00e7\u00e3o Cultural da Terceira Idade de Sintra \u2013 Universidade S\u00e9nior<\/strong><\/p><p>\u00c9 uma associa\u00e7\u00e3o particular, sem fins lucrativos, que se rege pelo C\u00f3digo Civil, pelos seus Estatutos, pelo seu Regulamento Geral Interno e pelas delibera\u00e7\u00f5es aprovadas em Assembleia Geral.<br \/>Tem por miss\u00e3o:<br \/><br \/>1 &#8211; A promo\u00e7\u00e3o cultural e acad\u00e9mica, baseando-se numa filosofia de troca de saberes e de experi\u00eancias de vida de cada um, que contribui para consolidar, adquirir e ampliar os conhecimentos dos seus associados, valorizando a sua qualidade de vida atrav\u00e9s de uma pr\u00e1tica de envelhecimento ativo, saud\u00e1vel e inclusivo:<br \/><br \/>2 \u2013 A promo\u00e7\u00e3o do voluntariado, da solidariedade, da toler\u00e2ncia, da responsabilidade, da interajuda e do respeito m\u00fatuo, no \u00e2mbito de valores culturais, espirituais, est\u00e9ticos, morais e c\u00edvicos.<br \/><br \/>A ACTIS \u00e9 filiada na RUTIS e enquadra o movimento das Universidades Seniores existentes no pa\u00eds e reconhecido pela Resolu\u00e7\u00e3o do Conselho de Ministros, n\u00ba 76\/2016, de 29 de novembro.<br \/>A ACTIS teve a sua g\u00e9nese em outubro de 1991, na Portela de Sintra.<br \/>Desenvolve a sua atividade na Sede provis\u00f3ria, na Estef\u00e2nia, em Sintra e no Polo do Algueir\u00e3o.<\/p>\t\t\t\t\t\t\t\t<\/div>\n\t\t\t\t<\/div>\n\t\t\t\t<\/div>\n\t\t\t\t\t<\/div>\n\t\t\t\t<\/div>\n\t\t<div class=\"elementor-element elementor-element-56e7acc e-flex e-con-boxed e-con e-parent\" data-id=\"56e7acc\" data-element_type=\"container\">\n\t\t\t\t\t<div class=\"e-con-inner\">\n\t\t<div class=\"elementor-element elementor-element-04f5554 e-con-full e-flex e-con e-child\" data-id=\"04f5554\" data-element_type=\"container\">\n\t\t\t\t<div class=\"elementor-element elementor-element-162b554 elementor-widget elementor-widget-image\" data-id=\"162b554\" data-element_type=\"widget\" data-widget_type=\"image.default\">\n\t\t\t\t<div class=\"elementor-widget-container\">\n\t\t\t\t\t\t\t\t\t\t\t\t\t\t\t<img fetchpriority=\"high\" decoding=\"async\" width=\"1980\" height=\"1400\" src=\"https:\/\/www.actisuniversidadesintra.pt\/web\/wp-content\/uploads\/2025\/08\/organograma_25-26.jpg\" class=\"attachment-full size-full wp-image-1640\" alt=\"\" srcset=\"https:\/\/www.actisuniversidadesintra.pt\/web\/wp-content\/uploads\/2025\/08\/organograma_25-26.jpg 1980w, https:\/\/www.actisuniversidadesintra.pt\/web\/wp-content\/uploads\/2025\/08\/organograma_25-26-300x212.jpg 300w, https:\/\/www.actisuniversidadesintra.pt\/web\/wp-content\/uploads\/2025\/08\/organograma_25-26-1024x724.jpg 1024w, https:\/\/www.actisuniversidadesintra.pt\/web\/wp-content\/uploads\/2025\/08\/organograma_25-26-768x543.jpg 768w, https:\/\/www.actisuniversidadesintra.pt\/web\/wp-content\/uploads\/2025\/08\/organograma_25-26-1536x1086.jpg 1536w\" sizes=\"(max-width: 1980px) 100vw, 1980px\" \/>\t\t\t\t\t\t\t\t\t\t\t\t\t\t\t<\/div>\n\t\t\t\t<\/div>\n\t\t\t\t<\/div>\n\t\t\t\t\t<\/div>\n\t\t\t\t<\/div>\n\t\t<div class=\"elementor-element elementor-element-5aa59e7 e-flex e-con-boxed e-con e-parent\" data-id=\"5aa59e7\" data-element_type=\"container\" data-settings=\"{&quot;background_background&quot;:&quot;classic&quot;}\">\n\t\t\t\t\t<div class=\"e-con-inner\">\n\t\t<div class=\"elementor-element elementor-element-3a468fb e-con-full e-flex e-con e-child\" data-id=\"3a468fb\" data-element_type=\"container\">\n\t\t\t\t<div class=\"elementor-element elementor-element-1da7000 elementor-widget elementor-widget-heading\" data-id=\"1da7000\" data-element_type=\"widget\" data-widget_type=\"heading.default\">\n\t\t\t\t<div class=\"elementor-widget-container\">\n\t\t\t\t\t<h2 class=\"elementor-heading-title elementor-size-default\">CUMPRIMOS TODOS OS REQUISITOS E NORMAS LEGAIS<\/h2>\t\t\t\t<\/div>\n\t\t\t\t<\/div>\n\t\t<div class=\"elementor-element elementor-element-c772af5 e-con-full e-flex e-con e-child\" data-id=\"c772af5\" data-element_type=\"container\">\n\t\t<div class=\"elementor-element elementor-element-920eb1e e-con-full e-flex e-con e-child\" data-id=\"920eb1e\" data-element_type=\"container\">\n\t\t\t\t<div class=\"elementor-element elementor-element-7fa1869d elementor-widget elementor-widget-heading\" data-id=\"7fa1869d\" data-element_type=\"widget\" data-widget_type=\"heading.default\">\n\t\t\t\t<div class=\"elementor-widget-container\">\n\t\t\t\t\t<h2 class=\"elementor-heading-title elementor-size-default\"><a href=\"https:\/\/actisuniversidadesintra.pt\/wp-content\/uploads\/2019\/08\/ESTATUTOS-Texto-Registado-com-NOTA.pdf\">ESTATUTOS da ACTIS<\/a><\/h2>\t\t\t\t<\/div>\n\t\t\t\t<\/div>\n\t\t\t\t<div class=\"elementor-element elementor-element-1970b400 elementor-align-center elementor-widget elementor-widget-button\" data-id=\"1970b400\" data-element_type=\"widget\" data-widget_type=\"button.default\">\n\t\t\t\t<div class=\"elementor-widget-container\">\n\t\t\t\t\t\t\t\t\t<div class=\"elementor-button-wrapper\">\n\t\t\t\t\t<a class=\"elementor-button elementor-button-link elementor-size-md\" href=\"https:\/\/www.actisuniversidadesintra.pt\/web\/wp-content\/uploads\/2025\/04\/Estatutos-2019.pdf\" target=\"_blank\">\n\t\t\t\t\t\t<span class=\"elementor-button-content-wrapper\">\n\t\t\t\t\t\t<span class=\"elementor-button-icon\">\n\t\t\t\t\t\t\t<\/span>\n\t\t\t\t\t\t\t\t\t<span class=\"elementor-button-text\">DESCARREGAR<\/span>\n\t\t\t\t\t<\/span>\n\t\t\t\t\t<\/a>\n\t\t\t\t<\/div>\n\t\t\t\t\t\t\t\t<\/div>\n\t\t\t\t<\/div>\n\t\t\t\t<\/div>\n\t\t<div class=\"elementor-element elementor-element-1b32dd1 e-con-full e-flex e-con e-child\" data-id=\"1b32dd1\" data-element_type=\"container\">\n\t\t\t\t<div class=\"elementor-element elementor-element-2041822b elementor-widget elementor-widget-heading\" data-id=\"2041822b\" data-element_type=\"widget\" data-widget_type=\"heading.default\">\n\t\t\t\t<div class=\"elementor-widget-container\">\n\t\t\t\t\t<h2 class=\"elementor-heading-title elementor-size-default\"><a href=\"https:\/\/actisuniversidadesintra.pt\/wp-content\/uploads\/2019\/08\/ESTATUTOS-Texto-Registado-com-NOTA.pdf\">REGULAMENTO GERAL INTERNO<\/a><\/h2>\t\t\t\t<\/div>\n\t\t\t\t<\/div>\n\t\t\t\t<div class=\"elementor-element elementor-element-45c0757f elementor-align-center elementor-widget elementor-widget-button\" data-id=\"45c0757f\" data-element_type=\"widget\" data-widget_type=\"button.default\">\n\t\t\t\t<div class=\"elementor-widget-container\">\n\t\t\t\t\t\t\t\t\t<div class=\"elementor-button-wrapper\">\n\t\t\t\t\t<a class=\"elementor-button elementor-button-link elementor-size-md\" href=\"https:\/\/www.actisuniversidadesintra.pt\/web\/wp-content\/uploads\/2025\/04\/Regulamento-ACTIS.pdf\" target=\"_blank\" rel=\"nofollow\">\n\t\t\t\t\t\t<span class=\"elementor-button-content-wrapper\">\n\t\t\t\t\t\t<span class=\"elementor-button-icon\">\n\t\t\t\t\t\t\t<\/span>\n\t\t\t\t\t\t\t\t\t<span class=\"elementor-button-text\">DESCARREGAR<\/span>\n\t\t\t\t\t<\/span>\n\t\t\t\t\t<\/a>\n\t\t\t\t<\/div>\n\t\t\t\t\t\t\t\t<\/div>\n\t\t\t\t<\/div>\n\t\t\t\t<\/div>\n\t\t\t\t<\/div>\n\t\t\t\t<\/div>\n\t\t\t\t\t<\/div>\n\t\t\t\t<\/div>\n\t\t<div class=\"elementor-element elementor-element-1a8c7c4 e-flex e-con-boxed e-con e-child\" data-id=\"1a8c7c4\" data-element_type=\"container\">\n\t\t\t\t\t<div class=\"e-con-inner\">\n\t\t<div class=\"elementor-element elementor-element-32db496 e-con-full e-grid e-con e-child\" data-id=\"32db496\" data-element_type=\"container\">\n\t\t\t\t<div class=\"elementor-element elementor-element-78458d7 elementor-widget__width-initial elementor-position-top elementor-widget elementor-widget-image-box\" data-id=\"78458d7\" data-element_type=\"widget\" data-widget_type=\"image-box.default\">\n\t\t\t\t<div class=\"elementor-widget-container\">\n\t\t\t\t\t<div class=\"elementor-image-box-wrapper\"><figure class=\"elementor-image-box-img\"><img decoding=\"async\" width=\"101\" height=\"117\" src=\"https:\/\/www.actisuniversidadesintra.pt\/web\/wp-content\/uploads\/2025\/04\/logo_actis-1.png\" class=\"attachment-full size-full wp-image-59\" alt=\"\" \/><\/figure><div class=\"elementor-image-box-content\"><h3 class=\"elementor-image-box-title\">ACTIS<\/h3><p class=\"elementor-image-box-description\"><b>SEDE<\/b><br>\nRua C\u00e2mara Pestana, n. 29 A<br>\n2710-569 Sintra<br>\n\n<br>\n<b>POLO ALGUEIR\u00c3O<\/b><br>\nRua Jau, n.18 \u2013 Algueir\u00e3o<br> \n2725-068 Mem Martins<br>\nTelefone: 219 262 668<\/p><\/div><\/div>\t\t\t\t<\/div>\n\t\t\t\t<\/div>\n\t\t<div class=\"elementor-element elementor-element-a29a3a0 e-con-full e-flex e-con e-child\" data-id=\"a29a3a0\" data-element_type=\"container\">\n\t\t\t\t<div class=\"elementor-element elementor-element-6bfa663 elementor-widget elementor-widget-google_maps\" data-id=\"6bfa663\" data-element_type=\"widget\" data-widget_type=\"google_maps.default\">\n\t\t\t\t<div class=\"elementor-widget-container\">\n\t\t\t\t\t\t\t<div class=\"elementor-custom-embed\">\n\t\t\t<iframe loading=\"lazy\"\n\t\t\t\t\tsrc=\"https:\/\/maps.google.com\/maps?q=Rua%20Jau%2C%20Algueir%C3%A3o&#038;t=m&#038;z=15&#038;output=embed&#038;iwloc=near\"\n\t\t\t\t\ttitle=\"Rua Jau, Algueir\u00e3o\"\n\t\t\t\t\taria-label=\"Rua Jau, Algueir\u00e3o\"\n\t\t\t><\/iframe>\n\t\t<\/div>\n\t\t\t\t\t\t<\/div>\n\t\t\t\t<\/div>\n\t\t\t\t<\/div>\n\t\t\t\t<\/div>\n\t\t\t\t\t<\/div>\n\t\t\t\t<\/div>\n\t\t\t\t<\/div>\n\t\t","protected":false},"excerpt":{"rendered":"<p>INSCRI\u00c7\u00d5ES 2025\/2026 de 8 a 15 setembro Quem somos ACTIS VALORIZAMOS O CONV\u00cdVIO E A TROCA DE SABERES E EXPERI\u00caNCIAS PARA O BEM-ESTAR AO LONGO DA VIDA A ACTIS \u2013 Associa\u00e7\u00e3o Cultural da Terceira Idade de Sintra \u2013 Universidade S\u00e9nior \u00c9 uma associa\u00e7\u00e3o particular, sem fins lucrativos, que se rege pelo C\u00f3digo Civil, pelos seus [&hellip;]<\/p>\n","protected":false},"author":1,"featured_media":0,"parent":0,"menu_order":2,"comment_status":"closed","ping_status":"closed","template":"elementor_header_footer","meta":{"_acf_changed":false,"footnotes":""},"class_list":["post-77","page","type-page","status-publish","hentry"],"acf":[],"_links":{"self":[{"href":"https:\/\/www.actisuniversidadesintra.pt\/web\/wp-json\/wp\/v2\/pages\/77","targetHints":{"allow":["GET"]}}],"collection":[{"href":"https:\/\/www.actisuniversidadesintra.pt\/web\/wp-json\/wp\/v2\/pages"}],"about":[{"href":"https:\/\/www.actisuniversidadesintra.pt\/web\/wp-json\/wp\/v2\/types\/page"}],"author":[{"embeddable":true,"href":"https:\/\/www.actisuniversidadesintra.pt\/web\/wp-json\/wp\/v2\/users\/1"}],"replies":[{"embeddable":true,"href":"https:\/\/www.actisuniversidadesintra.pt\/web\/wp-json\/wp\/v2\/comments?post=77"}],"version-history":[{"count":67,"href":"https:\/\/www.actisuniversidadesintra.pt\/web\/wp-json\/wp\/v2\/pages\/77\/revisions"}],"predecessor-version":[{"id":1644,"href":"https:\/\/www.actisuniversidadesintra.pt\/web\/wp-json\/wp\/v2\/pages\/77\/revisions\/1644"}],"wp:attachment":[{"href":"https:\/\/www.actisuniversidadesintra.pt\/web\/wp-json\/wp\/v2\/media?parent=77"}],"curies":[{"name":"wp","href":"https:\/\/api.w.org\/{rel}","templated":true}]}}