{"id":115,"date":"2025-04-21T17:03:27","date_gmt":"2025-04-21T17:03:27","guid":{"rendered":"https:\/\/www.actisuniversidadesintra.pt\/web\/artes-e-expressoes\/"},"modified":"2025-08-14T22:04:54","modified_gmt":"2025-08-14T22:04:54","slug":"artes-e-expressoes","status":"publish","type":"page","link":"https:\/\/www.actisuniversidadesintra.pt\/web\/actividades-disciplinas\/artes-e-expressoes\/","title":{"rendered":"Artes e Express\u00f5es"},"content":{"rendered":"\t\t<div data-elementor-type=\"wp-post\" data-elementor-id=\"115\" class=\"elementor elementor-115\" data-elementor-post-type=\"page\">\n\t\t\t\t<div class=\"elementor-element elementor-element-07ddfa9 e-flex e-con-boxed e-con e-parent\" data-id=\"07ddfa9\" data-element_type=\"container\" data-settings=\"{&quot;background_background&quot;:&quot;classic&quot;}\">\n\t\t\t\t\t<div class=\"e-con-inner\">\n\t\t<div class=\"elementor-element elementor-element-9f223c6 e-con-full e-flex e-con e-child\" data-id=\"9f223c6\" data-element_type=\"container\">\n\t\t\t\t<div class=\"elementor-element elementor-element-49c1113 elementor-widget elementor-widget-heading\" data-id=\"49c1113\" data-element_type=\"widget\" data-widget_type=\"heading.default\">\n\t\t\t\t<div class=\"elementor-widget-container\">\n\t\t\t\t\t<h2 class=\"elementor-heading-title elementor-size-default\">Artes e express\u00f5es<\/h2>\t\t\t\t<\/div>\n\t\t\t\t<\/div>\n\t\t\t\t<\/div>\n\t\t\t\t\t<\/div>\n\t\t\t\t<\/div>\n\t\t<div class=\"elementor-element elementor-element-39a2810 e-flex e-con-boxed e-con e-parent\" data-id=\"39a2810\" data-element_type=\"container\">\n\t\t\t\t\t<div class=\"e-con-inner\">\n\t\t<div class=\"elementor-element elementor-element-c23ded4 e-con-full e-flex e-con e-child\" data-id=\"c23ded4\" data-element_type=\"container\">\n\t\t\t\t<div class=\"elementor-element elementor-element-eb1fc1c elementor-widget elementor-widget-image\" data-id=\"eb1fc1c\" data-element_type=\"widget\" data-widget_type=\"image.default\">\n\t\t\t\t<div class=\"elementor-widget-container\">\n\t\t\t\t\t\t\t\t\t\t\t\t\t\t\t<img fetchpriority=\"high\" decoding=\"async\" width=\"2000\" height=\"1205\" src=\"https:\/\/www.actisuniversidadesintra.pt\/web\/wp-content\/uploads\/2025\/08\/quadro_artes_e_expressoes_2025-2026.jpg\" class=\"attachment-full size-full wp-image-1527\" alt=\"\" srcset=\"https:\/\/www.actisuniversidadesintra.pt\/web\/wp-content\/uploads\/2025\/08\/quadro_artes_e_expressoes_2025-2026.jpg 2000w, https:\/\/www.actisuniversidadesintra.pt\/web\/wp-content\/uploads\/2025\/08\/quadro_artes_e_expressoes_2025-2026-300x181.jpg 300w, https:\/\/www.actisuniversidadesintra.pt\/web\/wp-content\/uploads\/2025\/08\/quadro_artes_e_expressoes_2025-2026-1024x617.jpg 1024w, https:\/\/www.actisuniversidadesintra.pt\/web\/wp-content\/uploads\/2025\/08\/quadro_artes_e_expressoes_2025-2026-768x463.jpg 768w, https:\/\/www.actisuniversidadesintra.pt\/web\/wp-content\/uploads\/2025\/08\/quadro_artes_e_expressoes_2025-2026-1536x925.jpg 1536w\" sizes=\"(max-width: 2000px) 100vw, 2000px\" \/>\t\t\t\t\t\t\t\t\t\t\t\t\t\t\t<\/div>\n\t\t\t\t<\/div>\n\t\t<div class=\"elementor-element elementor-element-9e9bd8c e-con-full e-flex e-con e-child\" data-id=\"9e9bd8c\" data-element_type=\"container\">\n\t\t\t\t<div class=\"elementor-element elementor-element-8ee1c10 elementor-widget elementor-widget-heading\" data-id=\"8ee1c10\" data-element_type=\"widget\" data-widget_type=\"heading.default\">\n\t\t\t\t<div class=\"elementor-widget-container\">\n\t\t\t\t\t<span class=\"elementor-heading-title elementor-size-default\"><a href=\"https:\/\/www.actisuniversidadesintra.pt\/web\/#atividades\">&lt; VOLTAR<\/a><\/span>\t\t\t\t<\/div>\n\t\t\t\t<\/div>\n\t\t\t\t<\/div>\n\t\t\t\t<\/div>\n\t\t\t\t\t<\/div>\n\t\t\t\t<\/div>\n\t\t<div class=\"elementor-element elementor-element-d92cd8e elementor-hidden-desktop elementor-hidden-tablet elementor-hidden-mobile_extra elementor-hidden-mobile e-flex e-con-boxed e-con e-parent\" data-id=\"d92cd8e\" data-element_type=\"container\">\n\t\t\t\t\t<div class=\"e-con-inner\">\n\t\t<div class=\"elementor-element elementor-element-47664a8 e-con-full e-flex e-con e-child\" data-id=\"47664a8\" data-element_type=\"container\">\n\t\t\t\t<div class=\"elementor-element elementor-element-d20ab73 elementor-widget elementor-widget-heading\" data-id=\"d20ab73\" data-element_type=\"widget\" data-widget_type=\"heading.default\">\n\t\t\t\t<div class=\"elementor-widget-container\">\n\t\t\t\t\t<h2 class=\"elementor-heading-title elementor-size-default\">Professores, disciplinas, c\u00f3digos<\/h2>\t\t\t\t<\/div>\n\t\t\t\t<\/div>\n\t\t\t\t<\/div>\n\t\t<div class=\"elementor-element elementor-element-5e18815 e-con-full e-flex e-con e-child\" data-id=\"5e18815\" data-element_type=\"container\">\n\t\t\t\t<div class=\"elementor-element elementor-element-53198c1 elementor-widget elementor-widget-text-editor\" data-id=\"53198c1\" data-element_type=\"widget\" data-widget_type=\"text-editor.default\">\n\t\t\t\t<div class=\"elementor-widget-container\">\n\t\t\t\t\t\t\t\t\t<p><strong>Ana Paula Ferreira de Sousa Sim\u00f5es<\/strong><br \/>Fotografia Digital Avan\u00e7ados \u2013 A116<br \/>Fotografia Digital\/M\u00e1quina Fotogr\u00e1fica \u2013 A113<br \/>Fotografia Digital\/Telem\u00f3vel \u2013 A114<\/p><p>\u00a0<\/p><p><strong>Eurico Jos\u00e9 Nobre Leote Freixo<\/strong><br \/>Marionetas \u2013 A106<br \/>Teatro \u2013 A111<\/p><p>\u00a0<\/p><p><strong>Filipa Alexandra Gomes de Andrade<\/strong><br \/>Desenho, Um Novo Olhar \u2013 A115<\/p><p>\u00a0<\/p><p><strong>Maria de Lurdes Dias Gomes<\/strong><br \/>Pintura no Azulejo \u2013 P153<\/p>\t\t\t\t\t\t\t\t<\/div>\n\t\t\t\t<\/div>\n\t\t\t\t<div class=\"elementor-element elementor-element-620860c elementor-widget elementor-widget-text-editor\" data-id=\"620860c\" data-element_type=\"widget\" data-widget_type=\"text-editor.default\">\n\t\t\t\t<div class=\"elementor-widget-container\">\n\t\t\t\t\t\t\t\t\t<p><strong>Maria Helena Braz dos Santos<\/strong><br \/>Pintura em Tecido A \u2013 A110<\/p><p>\u00a0<\/p><p><strong>Maria J\u00falia Sim\u00e3o Vieira S\u00e1<\/strong><br \/>Ikebana I \u2013 A103<br \/>Ikebana II\u00a0 \u2013 A104<\/p><p>\u00a0<\/p><p><strong>Rui Paulo Martins Monteiro<\/strong><\/p><p>Pintura a Aguarela Avan\u00e7ados \u00a0\u2013 P151<br \/>Pintura a \u00d3leo Inicia\u00e7\u00e3o\u00a0 \u2013 A108<\/p><p>\u00a0<br \/><strong>Teresa Maria Mouzinho Santos Freitas Carneiro<\/strong><\/p><p>Pintura a \u00d3leo Avan\u00e7ados\u00a0 \u2013 P152<\/p>\t\t\t\t\t\t\t\t<\/div>\n\t\t\t\t<\/div>\n\t\t\t\t<\/div>\n\t\t<div class=\"elementor-element elementor-element-7967efa e-con-full e-flex e-con e-child\" data-id=\"7967efa\" data-element_type=\"container\">\n\t\t\t\t<div class=\"elementor-element elementor-element-02bb4a8 elementor-widget elementor-widget-heading\" data-id=\"02bb4a8\" data-element_type=\"widget\" data-widget_type=\"heading.default\">\n\t\t\t\t<div class=\"elementor-widget-container\">\n\t\t\t\t\t<span class=\"elementor-heading-title elementor-size-default\"><a href=\"https:\/\/www.actisuniversidadesintra.pt\/web\/\">&lt; VOLTAR<\/a><\/span>\t\t\t\t<\/div>\n\t\t\t\t<\/div>\n\t\t\t\t<\/div>\n\t\t\t\t\t<\/div>\n\t\t\t\t<\/div>\n\t\t\t\t<\/div>\n\t\t","protected":false},"excerpt":{"rendered":"<p>Artes e express\u00f5es &lt; VOLTAR Professores, disciplinas, c\u00f3digos Ana Paula Ferreira de Sousa Sim\u00f5es Fotografia Digital Avan\u00e7ados \u2013 A116 Fotografia Digital\/M\u00e1quina Fotogr\u00e1fica \u2013 A113 Fotografia Digital\/Telem\u00f3vel \u2013 A114 Eurico Jos\u00e9 Nobre Leote Freixo Marionetas \u2013 A106 Teatro \u2013 A111 Filipa Alexandra Gomes de Andrade Desenho, Um Novo Olhar \u2013 A115 Maria de Lurdes Dias Gomes [&hellip;]<\/p>\n","protected":false},"author":1,"featured_media":0,"parent":97,"menu_order":8,"comment_status":"closed","ping_status":"closed","template":"elementor_header_footer","meta":{"_acf_changed":false,"footnotes":""},"class_list":["post-115","page","type-page","status-publish","hentry"],"acf":[],"_links":{"self":[{"href":"https:\/\/www.actisuniversidadesintra.pt\/web\/wp-json\/wp\/v2\/pages\/115","targetHints":{"allow":["GET"]}}],"collection":[{"href":"https:\/\/www.actisuniversidadesintra.pt\/web\/wp-json\/wp\/v2\/pages"}],"about":[{"href":"https:\/\/www.actisuniversidadesintra.pt\/web\/wp-json\/wp\/v2\/types\/page"}],"author":[{"embeddable":true,"href":"https:\/\/www.actisuniversidadesintra.pt\/web\/wp-json\/wp\/v2\/users\/1"}],"replies":[{"embeddable":true,"href":"https:\/\/www.actisuniversidadesintra.pt\/web\/wp-json\/wp\/v2\/comments?post=115"}],"version-history":[{"count":70,"href":"https:\/\/www.actisuniversidadesintra.pt\/web\/wp-json\/wp\/v2\/pages\/115\/revisions"}],"predecessor-version":[{"id":1584,"href":"https:\/\/www.actisuniversidadesintra.pt\/web\/wp-json\/wp\/v2\/pages\/115\/revisions\/1584"}],"up":[{"embeddable":true,"href":"https:\/\/www.actisuniversidadesintra.pt\/web\/wp-json\/wp\/v2\/pages\/97"}],"wp:attachment":[{"href":"https:\/\/www.actisuniversidadesintra.pt\/web\/wp-json\/wp\/v2\/media?parent=115"}],"curies":[{"name":"wp","href":"https:\/\/api.w.org\/{rel}","templated":true}]}}